{"id":467,"date":"2026-01-06T13:39:06","date_gmt":"2026-01-06T13:39:06","guid":{"rendered":"https:\/\/www.itu.int\/itu-d\/meetings\/rdf\/?page_id=467"},"modified":"2026-03-25T14:20:51","modified_gmt":"2026-03-25T14:20:51","slug":"home","status":"publish","type":"page","link":"https:\/\/www.itu.int\/itu-d\/meetings\/rdf\/home\/rdf-2026\/europe\/home\/","title":{"rendered":"Home"},"content":{"rendered":"<div class=\"ituContainer\">\n<h1 class=\"wp-block-heading\">With the High\u2011Level Participation of<\/h1>\n<\/div>\n\n<div class='ituContainer'><div class='IPSSlick' style='background-color:#FFFFFF;color:#000000;'><div><center><a href='#IPSSpeaker35-1'><img style='padding-top:5px;background-position: center center;background-size: cover;border-radius:50%;height:150px;width:150px;'  src='https:\/\/www.itu.int\/itu-d\/meetings\/wp-content\/uploads\/IPS\/photos\/35-1.jpg'\/><\/a><font style='line-height:10px;color:#000000;text-decoration:none;font-size:1emem'><br>Dr Cosmas Luckyson Zavazava<\/font><p style='margin-top:-10px!important;line-height:1.2em;'><font style='font-style:normal;color:#000000;text-decoration:none;font-size:0.8em !important'><br>Director, Telecommunication Development Bureau<br>ITU<\/font><\/p><\/center><\/div><div><center><a href='#IPSSpeaker1505-2'><img style='padding-top:5px;background-position: center center;background-size: cover;border-radius:50%;height:150px;width:150px;'  src='https:\/\/www.itu.int\/itu-d\/meetings\/wp-content\/uploads\/IPS\/photos\/1505.jpg'\/><\/a><font style='line-height:10px;color:#000000;text-decoration:none;font-size:1emem'><br>Dr Pavel Vinkler<\/font><p style='margin-top:-10px!important;line-height:1.2em;'><font style='font-style:normal;color:#000000;text-decoration:none;font-size:0.8em !important'><br>Director\u2013General<br>Entrepreneurship and Digitalization, Ministry of Industry and Trade<br>Czech Republic<\/font><\/p><\/center><\/div><div><center><a href='#IPSSpeaker1514-3'><img style='padding-top:5px;background-position: center center;background-size: cover;border-radius:50%;height:150px;width:150px;'  src='https:\/\/www.itu.int\/itu-d\/meetings\/wp-content\/uploads\/IPS\/photos\/1514.jpg'\/><\/a><font style='line-height:10px;color:#000000;text-decoration:none;font-size:1emem'><br>Mr Oli Bird<\/font><p style='margin-top:-10px!important;line-height:1.2em;'><font style='font-style:normal;color:#000000;text-decoration:none;font-size:0.8em !important'><br>Co-President<br>CEPT <\/font><\/p><\/center><\/div><div><center><a href='#IPSSpeaker1506-4'><img style='padding-top:5px;background-position: center center;background-size: cover;border-radius:50%;height:150px;width:150px;'  src='https:\/\/www.itu.int\/itu-d\/meetings\/wp-content\/uploads\/IPS\/photos\/1506.jpg'\/><\/a><font style='line-height:10px;color:#000000;text-decoration:none;font-size:1emem'><br>Ms Gwi Yeop  Son<\/font><p style='margin-top:-10px!important;line-height:1.2em;'><font style='font-style:normal;color:#000000;text-decoration:none;font-size:0.8em !important'><br>Regional Director<br>UN Regional Development Office for Europe and Central Asia<\/font><\/p><\/center><\/div><div><center><a href='#IPSSpeaker1042-5'><img style='padding-top:5px;background-position: center center;background-size: cover;border-radius:50%;height:150px;width:150px;'  src='https:\/\/www.itu.int\/itu-d\/meetings\/wp-content\/uploads\/IPS\/photos\/1042.jpg'\/><\/a><font style='line-height:10px;color:#000000;text-decoration:none;font-size:1emem'><br>Mr Petros Galides<\/font><p style='margin-top:-10px!important;line-height:1.2em;'><font style='font-style:normal;color:#000000;text-decoration:none;font-size:0.8em !important'><br>Deputy Commissioner of Communications of Cyprus and EMERG Co-Chair<\/font><\/p><\/center><\/div><div><center><a href='#IPSSpeaker1453-6'><img style='padding-top:5px;background-position: center center;background-size: cover;border-radius:50%;height:150px;width:150px;'  src='https:\/\/www.itu.int\/itu-d\/meetings\/wp-content\/uploads\/IPS\/photos\/1453.jpg'\/><\/a><font style='line-height:10px;color:#000000;text-decoration:none;font-size:1emem'><br>H.E. Mr Slavisa Antic<\/font><p style='margin-top:-10px!important;line-height:1.2em;'><font style='font-style:normal;color:#000000;text-decoration:none;font-size:0.8em !important'><br>State Secretary<br>Ministry of Information and Telecommunications<br>Serbia (Republic of )<\/font><\/p><\/center><\/div><div><center><a href='#IPSSpeaker1507-7'><img style='padding-top:5px;background-position: center center;background-size: cover;border-radius:50%;height:150px;width:150px;'  src='https:\/\/www.itu.int\/itu-d\/meetings\/wp-content\/uploads\/IPS\/photos\/1507-1.jpg'\/><\/a><font style='line-height:10px;color:#000000;text-decoration:none;font-size:1emem'><br>Dr Milan  Radulovic<\/font><p style='margin-top:-10px!important;line-height:1.2em;'><font style='font-style:normal;color:#000000;text-decoration:none;font-size:0.8em !important'><br>President of the Council<br>EKIP<br>Montenegro<\/font><\/p><\/center><\/div><div><center><a href='#IPSSpeaker1508-8'><img style='padding-top:5px;background-position: center center;background-size: cover;border-radius:50%;height:150px;width:150px;'  src='https:\/\/www.itu.int\/itu-d\/meetings\/wp-content\/uploads\/IPS\/photos\/1508.jpg'\/><\/a><font style='line-height:10px;color:#000000;text-decoration:none;font-size:1emem'><br>Ms Ingrid Macdonald<\/font><p style='margin-top:-10px!important;line-height:1.2em;'><font style='font-style:normal;color:#000000;text-decoration:none;font-size:0.8em !important'><br>Resident Coordinator<br>United Nations<br>Albania (Republic of)<\/font><\/p><\/center><\/div><div><center><a href='#IPSSpeaker1509-9'><img style='padding-top:5px;background-position: center center;background-size: cover;border-radius:50%;height:150px;width:150px;'  src='https:\/\/www.itu.int\/itu-d\/meetings\/wp-content\/uploads\/IPS\/photos\/1509.jpg'\/><\/a><font style='line-height:10px;color:#000000;text-decoration:none;font-size:1emem'><br>H.E. Ms Coleiro Preca Marie-Louise<\/font><p style='margin-top:-10px!important;line-height:1.2em;'><font style='font-style:normal;color:#000000;text-decoration:none;font-size:0.8em !important'><br>Former President of Malta, President of the Mediterranean Children\u2019s Movement and Special Advisor to the EU Commission on Children\u2019s Interests<br>Malta<\/font><\/p><\/center><\/div><div><center><a href='#IPSSpeaker1510-10'><img style='padding-top:5px;background-position: center center;background-size: cover;border-radius:50%;height:150px;width:150px;'  src='https:\/\/www.itu.int\/itu-d\/meetings\/wp-content\/uploads\/IPS\/photos\/1510.jpg'\/><\/a><font style='line-height:10px;color:#000000;text-decoration:none;font-size:1emem'><br>Mr David Vicente<\/font><p style='margin-top:-10px!important;line-height:1.2em;'><font style='font-style:normal;color:#000000;text-decoration:none;font-size:0.8em !important'><br>Director<br>Andorra Digital<br>Andorra (Principality of)<\/font><\/p><\/center><\/div><div><center><a href='#IPSSpeaker1511-11'><img style='padding-top:5px;background-position: center center;background-size: cover;border-radius:50%;height:150px;width:150px;'  src='https:\/\/www.itu.int\/itu-d\/meetings\/wp-content\/uploads\/IPS\/photos\/1511-1.jpg'\/><\/a><font style='line-height:10px;color:#000000;text-decoration:none;font-size:1emem'><br>Mr Janis Karklins<\/font><p style='margin-top:-10px!important;line-height:1.2em;'><font style='font-style:normal;color:#000000;text-decoration:none;font-size:0.8em !important'><br>Head of Government and International Organization Engagement<br>ICANN <\/font><\/p><\/center><\/div><div><center><a href='#IPSSpeaker1512-12'><img style='padding-top:5px;background-position: center center;background-size: cover;border-radius:50%;height:150px;width:150px;'  src='https:\/\/www.itu.int\/itu-d\/meetings\/wp-content\/uploads\/IPS\/photos\/1512.jpg'\/><\/a><font style='line-height:10px;color:#000000;text-decoration:none;font-size:1emem'><br>Mr Per Fr\u00f6jdh<\/font><p style='margin-top:-10px!important;line-height:1.2em;'><font style='font-style:normal;color:#000000;text-decoration:none;font-size:0.8em !important'><br>VP of International Standards<br>Ericsson <\/font><\/p><\/center><\/div><div><center><a href='#IPSSpeaker1513-13'><img style='padding-top:5px;background-position: center center;background-size: cover;border-radius:50%;height:150px;width:150px;'  src='https:\/\/www.itu.int\/itu-d\/meetings\/wp-content\/uploads\/IPS\/photos\/1513.jpg'\/><\/a><font style='line-height:10px;color:#000000;text-decoration:none;font-size:1emem'><br>Professor Volodymyr  Shulha<\/font><p style='margin-top:-10px!important;line-height:1.2em;'><font style='font-style:normal;color:#000000;text-decoration:none;font-size:0.8em !important'><br>Rector<br>State University of Information and Communication Technologies<br>Ukraine<\/font><\/p><\/center><\/div><\/div><\/div><div><div id='IPSSpeaker35-1' class='IPSmodalDialog' ><div><a href='#close' title='Close' class='IPSModalclose'>X<\/a><div class='IPSBioTable'><div class='IPSBioRow'><div class='IPSBioCellLeft'><img style='border-radius:150%;' class='IPSCardsPictureBio' src='https:\/\/www.itu.int\/itu-d\/meetings\/wp-content\/uploads\/IPS\/photos\/35-1.jpg'\/><p class='IPSBioTitle'>Dr Cosmas Luckyson Zavazava<\/p><\/div><div class='IPSBioCellRight'><div class='IPSBioDescription'><p><strong>Co<\/strong><strong>smas Zavazava took office as Director of the\u200b\u00a0<\/strong><strong>Telecommunication Development Bureau (BDT)\u00a0<\/strong><strong>at the International Te\u200blecommunication Union (ITU) on 1 January 2023.<br \/>\r\n<\/strong><br \/>\r\nWith more than 30 years in telecommunications, including over 20 years in ITU&#8217;s Development Sector, Dr Zavazava has promoted and implemented impactful information and communication technology projects around the world.<br \/>\r\n<br \/>\r\nPrior to his election as BDT Director, he served as ITU&#8217;s Chief of Partnerships for Digital Development , overseeing development-related projects, strategic partnerships, and resource mobilization between 2019 and 2022, while launching new initiatives that have boosted the engagement of industry, private-sector and academia members in ITU&#8217;s work.<br \/>\r\n<br \/>\r\nPreviously, as ITU&#8217;s Chief of Projects and Initiatives, he oversaw development projects focused on gender, youth, and people with special needs, along with capacity building, emergency telecommunications, climate change mitigation and adaptation, and e-waste management.<br \/>\r\n<div><br \/>\r\n<br \/>\r\nEarlier, Dr Zavazava headed the Republic of Zimbabwe&#8217;s Government Telecommunications Agency and served as a senio\u200br diplomat. He also taught MBA classes at the UK&#8217;s Nottingham Trent University.<br \/>\r\n<br \/>\r\nThroughout his career, he has focused on closing the digital and skills divide and accelerating digital transformation to achieve socio-economic development for all.<br \/>\r\n<br \/>\r\nDr Zavazava holds a PhD in Multilateral Trade from Business School Lausanne (Switzerland), and a Master of Laws degree in Telecommunications and Information Technology from the University of Strathclyde (UK), as well as a Master&#8217;s in International Relations from Webster University (US), and an MBA from the University of Zimbabwe. He also holds a Bachelor&#8217;s in Business Administration and diplomas in Telecommunications and Systems Engineering.<br \/>\r\n<br \/>\r\n<\/div><\/div><\/div><\/div><\/div><\/div><\/div><div id='IPSSpeaker1042-5' class='IPSmodalDialog' ><div><a href='#close' title='Close' class='IPSModalclose'>X<\/a><div class='IPSBioTable'><div class='IPSBioRow'><div class='IPSBioCellLeft'><img style='border-radius:150%;' class='IPSCardsPictureBio' src='https:\/\/www.itu.int\/itu-d\/meetings\/wp-content\/uploads\/IPS\/photos\/1042.jpg'\/><p class='IPSBioTitle'>Mr Petros Galides<\/p><\/div><div class='IPSBioCellRight'><div class='IPSBioDescription'><p>Petros Galides is the Deputy Commissioner of the Cyprus Regulatory Authority for Electronic Communications and Postal Services and the Digital Security Authority. He also serves as the EMERG Chair for 2024.<br \/>\r\n<br \/>\r\nHe holds a B.Sc. in Economics from the London School of Economics and Political Science and an MBA from the London Business School. Petros has extensive experience in the postal, electronic communications, and cybersecurity regulation sectors, as well as in both the service and manufacturing sectors. He has served on several company boards, performed consulting work in Cyprus and the UK, co-authored pioneering published papers, and held key positions in private, public, and international companies before being appointed Deputy Commissioner in 2013.<\/div><\/div><\/div><\/div><\/div><\/div><div id='IPSSpeaker1453-6' class='IPSmodalDialog' ><div><a href='#close' title='Close' class='IPSModalclose'>X<\/a><div class='IPSBioTable'><div class='IPSBioRow'><div class='IPSBioCellLeft'><img style='border-radius:150%;' class='IPSCardsPictureBio' src='https:\/\/www.itu.int\/itu-d\/meetings\/wp-content\/uploads\/IPS\/photos\/1453.jpg'\/><p class='IPSBioTitle'>H.E. Mr Slavisa Antic<\/p><\/div><div class='IPSBioCellRight'><div class='IPSBioDescription'><p>Slavi\u0161a Anti\u0107 holds the title of Professional Master \u2013 Specialist in Economic Sciences. He has over 25 years of professional experience gained at the Public Enterprise for PTT Traffic \u201cSerbia\u201d and \u201cTelekom Srbija AD,\u201d where he held managerial positions for more than 15 years.<br \/>\r\n<br \/>\r\nFor eight years, he served as Assistant Director of the Office for IT and eGovernment, in charge of General Affairs, Finance, and HR, where his responsibilities included communication with telecom operators and monitoring projects such as the construction of the State Data Center and the Innovation District.<br \/>\r\n<br \/>\r\nAt Telekom Srbija, he managed departments responsible for business clients, investment construction, and digital content sales, overseeing cooperation with state institutions, public enterprises, and major investors, as well as the development of ICT infrastructure and mobile payment services (mPayment, mParking, mMembership, mReceipt, video streaming).<br \/>\r\n<br \/>\r\nBy decree of the President of the Republic of Serbia, he was awarded the Order of Labour. He is married, a proud father of two daughters and one son, and speaks English.<br \/>\r\n<br \/>\r\n&nbsp;<\/div><\/div><\/div><\/div><\/div><\/div><div id='IPSSpeaker1507-7' class='IPSmodalDialog' ><div><a href='#close' title='Close' class='IPSModalclose'>X<\/a><div class='IPSBioTable'><div class='IPSBioRow'><div class='IPSBioCellLeft'><img style='border-radius:150%;' class='IPSCardsPictureBio' src='https:\/\/www.itu.int\/itu-d\/meetings\/wp-content\/uploads\/IPS\/photos\/1507-1.jpg'\/><p class='IPSBioTitle'>Dr Milan  Radulovic<\/p><\/div><div class='IPSBioCellRight'><div class='IPSBioDescription'><p>Dr Milan B. Radulovi\u0107 was born in Nik\u0161i\u0107, Montenegro. He received his B.Sc. (study program: Electronics) and M.Sc. (study program: Robotics and Artificial Intelligence) in Electrical Engineering from the University of Montenegro, Montenegro. He received his Ph.D. (research field: Computer Architecture) in Electrical Engineering from the University of Belgrade, Serbia.<br \/>\r\n<br \/>\r\nHe was previously with the University of Montenegro, for over a decade where he was involved both in teaching process and many research and development projects (robotics and artificial intelligence, electronics, telecommunications, computer networks, software development, database, and real-time control systems) at the Faculty of Electrical Engineering and University Computer Centre. Also, he was with the University Mediterranean, Montenegro, as a part-time assistant at the Faculty of Information Technology and Faculty of Economics and Business.<br \/>\r\n<br \/>\r\nHe was with Crnogorski Telekom A.D. (member of Deutsche Telekom Group) and Ericsson AB Stockholm Montenegro, for almost two decades, working as RAN\/CORE engineer and Voice CORE team leader, respectively. He was involved in operation and maintenance, and development of radio and switching systems for the fixed and mobile network for two national operators, Crnogorski Telekom and m:tel.<br \/>\r\n<br \/>\r\nHe was included in several research projects as Visiting Research Fellow at the Universities abroad such as University of Warwick (UK), University of Granada (Spain), University of Siena (Italy), and EPFL (Switzerland). His current research interests are mainly in electronics, telecommunications, robotics and artificial intelligence, computer architecture (especially chip multiprocessor systems with thread-level speculation support), coherence and speculation protocols, transactional memory, compilers, parallel programming, and real-time system control. In these areas, he published papers in international scientific journals, books, and proceedings of international and domestic conferences. He is the member of HiPEAC (European Network of Excellence on High Performance and Embedded Architecture and Compilation) group.<br \/>\r\n<br \/>\r\nFor the results achieved during his education, work career and scientific research activities, he received several awards from educational institutions, then, from the Municipality of Nik\u0161i\u0107, and from the companies he worked with, as well as from domestic and international scientific research institutions and organizations.<br \/>\r\n<br \/>\r\nOn April 18, 2024, he was appointed President of the Council of the Agency for Electronic Communications and Postal Services.<br \/>\r\n<br \/>\r\nOn October 2 and 3, 2025, he was appointed as BEREC Vice-Chair 2026 and IRG Vice-Chair 2026, respectively<br \/>\r\n<br \/>\r\nHe has active knowledge of English, Italian and Spanish, and passive from German and Greek languages.<\/div><\/div><\/div><\/div><\/div><\/div><div id='IPSSpeaker1511-11' class='IPSmodalDialog' ><div><a href='#close' title='Close' class='IPSModalclose'>X<\/a><div class='IPSBioTable'><div class='IPSBioRow'><div class='IPSBioCellLeft'><img style='border-radius:150%;' class='IPSCardsPictureBio' src='https:\/\/www.itu.int\/itu-d\/meetings\/wp-content\/uploads\/IPS\/photos\/1511-1.jpg'\/><p class='IPSBioTitle'>Mr Janis Karklins<\/p><\/div><div class='IPSBioCellRight'><div class='IPSBioDescription'><p>Ambassador Janis Karklins joined ICANN as Head of Government and IGO Engagement in October 2025 after a long and distinguished career in the Latvian diplomatic service that spanned three decades. Among his notable achievements, Janis served as Latvian Permanent Representative to the United Nations at Geneva, Permanent Representative of Latvia to the Council of Europe, and Latvian Ambassador to France, Andorra, Monaco, and UNESCO. Janis also served as the Assistant Director General of Communication and Information of UNESCO and was founding Director of the NATO Center of Excellence for Strategic Communications. <br \/>\r\n<br \/>\r\nJanis holds an engineering degree from the Riga Technical University and attended an Executive Education Program for Eastern European diplomats at the Hoover Institute at Stanford University.<\/div><\/div><\/div><\/div><\/div><\/div><\/div><link href='https:\/\/www.itu.int\/itu-d\/meetings\/rdf\/wp-content\/plugins\/IPS\/blocks\/includes\/css\/IPS_Common.css' rel='stylesheet'><link href='https:\/\/www.itu.int\/itu-d\/meetings\/rdf\/wp-content\/plugins\/IPS\/blocks\/speakerscarousel\/includes\/IPS_SpeakersCarousel.css' rel='stylesheet'><link href='https:\/\/www.itu.int\/itu-d\/meetings\/rdf\/wp-content\/plugins\/IPS\/blocks\/includes\/slick\/slick.css' rel='stylesheet'><link href='https:\/\/www.itu.int\/itu-d\/meetings\/rdf\/wp-content\/plugins\/IPS\/blocks\/includes\/slick\/slick-theme.css' rel='stylesheet'>\n\n<div class=\"ituContainer\">\n<hr class=\"wp-block-separator has-text-color has-alpha-channel-opacity has-background is-style-wide\" style=\"background-color:#edecec;color:#edecec\"\/>\n<\/div>\n\n<div class=\"ituContainer\">\n<div style=\"height:50px\" aria-hidden=\"true\" class=\"wp-block-spacer\"><\/div>\n<\/div>\n\n<div class=\"ituContainer\">\n<div class=\"wp-block-columns is-layout-flex wp-container-core-columns-is-layout-9d6595d7 wp-block-columns-is-layout-flex\"><div class=\"ituContainer\">\n<div class=\"wp-block-column is-layout-flow wp-block-column-is-layout-flow\"><div class=\"ituContainer\">\n<figure class=\"wp-block-image size-large\"><img loading=\"lazy\" decoding=\"async\" width=\"1024\" height=\"576\" src=\"https:\/\/www.itu.int\/itu-d\/meetings\/rdf\/wp-content\/uploads\/sites\/31\/2026\/01\/RDF_EUR_26_banner-1-1024x576.jpg\" alt=\"\" class=\"wp-image-472\" srcset=\"https:\/\/www.itu.int\/itu-d\/meetings\/rdf\/wp-content\/uploads\/sites\/31\/2026\/01\/RDF_EUR_26_banner-1-1024x576.jpg 1024w, https:\/\/www.itu.int\/itu-d\/meetings\/rdf\/wp-content\/uploads\/sites\/31\/2026\/01\/RDF_EUR_26_banner-1-300x169.jpg 300w, https:\/\/www.itu.int\/itu-d\/meetings\/rdf\/wp-content\/uploads\/sites\/31\/2026\/01\/RDF_EUR_26_banner-1-768x432.jpg 768w, https:\/\/www.itu.int\/itu-d\/meetings\/rdf\/wp-content\/uploads\/sites\/31\/2026\/01\/RDF_EUR_26_banner-1-1536x864.jpg 1536w, https:\/\/www.itu.int\/itu-d\/meetings\/rdf\/wp-content\/uploads\/sites\/31\/2026\/01\/RDF_EUR_26_banner-1-2048x1152.jpg 2048w\" sizes=\"auto, (max-width: 1024px) 100vw, 1024px\" \/><\/figure>\n<\/div><\/div>\n<\/div>\n\n<div class=\"ituContainer\">\n<div class=\"wp-block-column is-layout-flow wp-block-column-is-layout-flow\"><div class=\"ituContainer\">\n<p>The ITU Regional Development Forum 2026 for Europe (RDF-EUR) took place on 24 March 2026 in Prague, Czech Republic, &nbsp;followed by the CEPT Committee for ITU Policies (Com-ITU) meeting from 25 to 27 March 2026. The forum was held in a hybrid format.<\/p>\n<\/div>\n\n<div class=\"ituContainer\">\n<div style=\"height:25px\" aria-hidden=\"true\" class=\"wp-block-spacer\"><\/div>\n<\/div>\n\n<div class=\"ituContainer\">\n<p>RDF-EUR was organized in close collaboration with the European Conference of Postal and Telecommunication Administrations (CEPT) and was hosted by the Ministry of Industry and Trade of the Czech Republic.<\/p>\n<\/div>\n\n<div class=\"ituContainer\">\n<div style=\"height:25px\" aria-hidden=\"true\" class=\"wp-block-spacer\"><\/div>\n<\/div>\n\n<div class=\"ituContainer\">\n<p>The annual Regional Development Forum for Europe provides an opportunity for an exchange of views between ITU and decision-makers of ITU Member States and Sector Members, as well as other stakeholders in the Europe region. It serves as a platform for assessing strategic orientations that may have an impact on ITU\u2019s regional work plan.<\/p>\n<\/div>\n\n<div class=\"ituContainer\">\n<div style=\"height:25px\" aria-hidden=\"true\" class=\"wp-block-spacer\"><\/div>\n<\/div>\n\n<div class=\"ituContainer\">\n<p><\/p>\n<\/div>\n\n<div class=\"ituContainer\">\n<p><\/p>\n<\/div><\/div>\n<\/div><\/div>\n<\/div>\n\n<div class=\"ituContainer\">\n<p>RDF-EUR reported on the outcomes and implementation of the World Telecommunication Development Conference (WTDC-25) held in Baku, Republic of Azerbaijan, in November 2025. Emphasis was given to the five Regional Initiatives for Europe approved by the WTDC-25. All stakeholders had the opportunity to discuss implementation plans, announce financial and in-kind commitments towards ongoing and future work, and exchange experiences and good practices. In addition, RDF-EUR provided an opportunity to match specific countries\u2019 and\/or regional needs with potential stakeholders\u2019 interests in supporting digital development, following the Partner2Connect Digital Coalition.<\/p>\n<\/div>\n\n<div class=\"ituContainer\">\n<div style=\"height:20px\" aria-hidden=\"true\" class=\"wp-block-spacer\"><\/div>\n<\/div>\n\n<div class=\"ituContainer\">\n<p>In this context, ahead of the RDF, the ITU Office for Europe launched a Regional Consultation to contribute to ITU\u2019s activities at the regional level and to reflect the strategic needs of the region during the implementation period (2026\u20132029).<\/p>\n<\/div>\n\n<div class=\"ituContainer\">\n<div style=\"height:20px\" aria-hidden=\"true\" class=\"wp-block-spacer\"><\/div>\n<\/div>\n\n<div class=\"ituContainer\">\n<p>Stakeholders contributing to the implementation of the Baku Action Plan at the regional level, in particular to ITU Regional Initiatives for Europe, were invited to provide their written input, using the&nbsp;<a href=\"https:\/\/www.itu.int\/itu-d\/meetings\/rdf\/wp-content\/uploads\/sites\/31\/2026\/01\/RDF-EUR-2026-Contribution-Form.docx\" target=\"_blank\" rel=\"noreferrer noopener\">Contributions Template<\/a>.<\/p>\n<\/div>\n\n<div class=\"ituContainer\">\n<div style=\"height:20px\" aria-hidden=\"true\" class=\"wp-block-spacer\"><\/div>\n<\/div>\n\n<div class=\"ituContainer\">\n<p>The responses to the consultation were aggregated and consolidated into a 2026-2029 <a href=\"https:\/\/www.itu.int\/itu-d\/meetings\/rdf\/wp-content\/uploads\/sites\/31\/2026\/03\/Regional-roadmap-for-ITU-regional-initiatives-Europe-RegionV1.4.pdf\" type=\"link\" id=\"https:\/\/www.itu.int\/itu-d\/meetings\/rdf\/wp-content\/uploads\/sites\/31\/2026\/03\/Regional-roadmap-for-ITU-regional-initiatives-Europe-RegionV1.4.pdf\" target=\"_blank\" rel=\"noreferrer noopener\">Regional Roadmap for the implementation of the ITU Regional Initiatives for Europe<\/a> and were shared with the Membership and presented for discussion at the RDF. All submitted proposals will be used as the basis for further coordination at the ITU level.<\/p>\n<\/div>\n\n<div class=\"ituContainer\">\n<div style=\"height:20px\" aria-hidden=\"true\" class=\"wp-block-spacer\"><\/div>\n<\/div>\n\n<div class=\"ituContainer\">\n<p>RDF-EUR also addressed, from a regional perspective, the results-based management approach applied for all actions carried out in the region as well as activities related to ITU Study Groups, Membership, Partnerships, and the ITU Academy Training Centres, as well as regional contributions to the implementation of the World Summit on Information Society (WSIS) Action Lines and United Nations 2030 Agenda for Sustainable Development. It also offered an opportunity to discuss ITU\u2019s role in the UN system and its contribution at the regional and country levels to foster digital development. Finally, the forum took into consideration the regional activities planned by Telecommunication Standardization and Radiocommunication Bureaux, as well as the General Secretariat at the regional level.<\/p>\n<\/div>\n\n<div class=\"ituContainer\">\n<div style=\"height:20px\" aria-hidden=\"true\" class=\"wp-block-spacer\"><\/div>\n<\/div>\n\n<div class=\"ituContainer\">\n<p>View the <a href=\"https:\/\/www.itu.int\/itu-d\/meetings\/rdf\/wp-content\/uploads\/sites\/31\/2026\/03\/RDF-EUR-26-outcome-report_V3.pdf\" type=\"link\" id=\"https:\/\/www.itu.int\/itu-d\/meetings\/rdf\/wp-content\/uploads\/sites\/31\/2026\/03\/RDF-EUR-26-outcome-report_V3.pdf\" target=\"_blank\" rel=\"noreferrer noopener\">RDF Outcome Report<\/a><\/p>\n<\/div>\n\n<div class=\"ituContainer\">\n<div style=\"height:20px\" aria-hidden=\"true\" class=\"wp-block-spacer\"><\/div>\n<\/div>\n\n<div class=\"ituContainer\">\n<div style=\"height:20px\" aria-hidden=\"true\" class=\"wp-block-spacer\"><\/div>\n<\/div>\n\n<div class=\"ituContainer\">\n<h2 class=\"wp-block-heading\">Contact<\/h2>\n<\/div>\n\n<div class=\"ituContainer\">\n<p><strong>Jaroslaw Ponder<\/strong><br>Head of the ITU Regional Office for Europe Region<br>Email: <a href=\"mailto:eurregion@itu.int\" target=\"_blank\" rel=\"noreferrer noopener\">eurregion@itu.int<\/a><\/p>\n<\/div>\n\n<div class=\"ituContainer\">\n<div style=\"height:50px\" aria-hidden=\"true\" class=\"wp-block-spacer\"><\/div>\n<\/div>\n\n    <div class=\"ituContainer grid\">\n        <div data-span=\"12\">\n                    <\/div>\n    <\/div>\n","protected":false},"excerpt":{"rendered":"<p>With the High\u2011Level Participation of The ITU Regional Development Forum 2026 for Europe (RDF-EUR) took place on 24 March 2026 in Prague, Czech Republic, &nbsp;followed by the CEPT Committee for ITU Policies (Com-ITU) meeting from 25 to 27 March 2026. The forum was held in a hybrid format. RDF-EUR was organized in close collaboration with [&hellip;]<\/p>\n","protected":false},"author":3,"featured_media":469,"parent":466,"menu_order":0,"comment_status":"closed","ping_status":"closed","template":"obsolete-templates\/page-submenu.php","meta":{"_acf_changed":false,"footnotes":""},"folder":[17],"class_list":["post-467","page","type-page","status-publish","has-post-thumbnail","hentry"],"acf":[],"yoast_head":"<!-- This site is optimized with the Yoast SEO plugin v27.4 - https:\/\/yoast.com\/product\/yoast-seo-wordpress\/ -->\n<title>ITU Regional Development Forum for Europe (RDF-EUR) 2026<\/title>\n<meta name=\"description\" content=\"\u200bThe ITU Regional Development Forum 2026 for Europe (RDF-EUR) takes place on 24 March 2026 in Prague, Czech Republic. It is followed by the CEPT Committee for ITU Policies (Com-ITU) meeting from 25 to 27 March 2026. The forum will be held in a hybrid format.\" \/>\n<meta name=\"robots\" content=\"index, follow, max-snippet:-1, max-image-preview:large, max-video-preview:-1\" \/>\n<link rel=\"canonical\" href=\"https:\/\/www.itu.int\/itu-d\/meetings\/rdf\/home\/rdf-2026\/europe\/home\/\" \/>\n<meta property=\"og:locale\" content=\"en_US\" \/>\n<meta property=\"og:type\" content=\"article\" \/>\n<meta property=\"og:title\" content=\"ITU Regional Development Forum for Europe (RDF-EUR) 2025\" \/>\n<meta property=\"og:description\" content=\"\u200bThe ITU Regional Development Forum 2026 for Europe (RDF-EUR) takes place on 24 March 2026 in Prague, Czech Republic. It is followed by the CEPT Committee for ITU Policies (Com-ITU) meeting from 25 to 27 March 2026. The forum will be held in a hybrid format.\" \/>\n<meta property=\"og:url\" content=\"https:\/\/www.itu.int\/itu-d\/meetings\/rdf\/home\/rdf-2026\/europe\/home\/\" \/>\n<meta property=\"og:site_name\" content=\"RDFs\" \/>\n<meta property=\"article:modified_time\" content=\"2026-03-25T14:20:51+00:00\" \/>\n<meta property=\"og:image\" content=\"https:\/\/www.itu.int\/itu-d\/meetings\/rdf\/wp-content\/uploads\/sites\/31\/2026\/01\/RDF_EUR_26_banner-1.jpg?ver=1768295304\" \/>\n\t<meta property=\"og:image:width\" content=\"2111\" \/>\n\t<meta property=\"og:image:height\" content=\"1187\" \/>\n\t<meta property=\"og:image:type\" content=\"image\/jpeg\" \/>\n<meta name=\"twitter:card\" content=\"summary_large_image\" \/>\n<meta name=\"twitter:title\" content=\"ITU Regional Development Forum for Europe (RDF-EUR) 2025\" \/>\n<meta name=\"twitter:description\" content=\"\u200bThe ITU Regional Development Forum 2026 for Europe (RDF-EUR) takes place on 24 March 2026 in Prague, Czech Republic. It is followed by the CEPT Committee for ITU Policies (Com-ITU) meeting from 25 to 27 March 2026. The forum will be held in a hybrid format.\" \/>\n<meta name=\"twitter:image\" content=\"https:\/\/www.itu.int\/itu-d\/meetings\/rdf\/wp-content\/uploads\/sites\/31\/2026\/01\/RDF_EUR_26_banner-1.jpg?ver=1768295304\" \/>\n<meta name=\"twitter:label1\" content=\"Est. reading time\" \/>\n\t<meta name=\"twitter:data1\" content=\"3 minutes\" \/>\n<script type=\"application\/ld+json\" class=\"yoast-schema-graph\">{\"@context\":\"https:\\\/\\\/schema.org\",\"@graph\":[{\"@type\":\"WebPage\",\"@id\":\"https:\\\/\\\/www.itu.int\\\/itu-d\\\/meetings\\\/rdf\\\/home\\\/rdf-2026\\\/europe\\\/home\\\/\",\"url\":\"https:\\\/\\\/www.itu.int\\\/itu-d\\\/meetings\\\/rdf\\\/home\\\/rdf-2026\\\/europe\\\/home\\\/\",\"name\":\"ITU Regional Development Forum for Europe (RDF-EUR) 2026\",\"isPartOf\":{\"@id\":\"https:\\\/\\\/www.itu.int\\\/itu-d\\\/meetings\\\/rdf\\\/#website\"},\"primaryImageOfPage\":{\"@id\":\"https:\\\/\\\/www.itu.int\\\/itu-d\\\/meetings\\\/rdf\\\/home\\\/rdf-2026\\\/europe\\\/home\\\/#primaryimage\"},\"image\":{\"@id\":\"https:\\\/\\\/www.itu.int\\\/itu-d\\\/meetings\\\/rdf\\\/home\\\/rdf-2026\\\/europe\\\/home\\\/#primaryimage\"},\"thumbnailUrl\":\"https:\\\/\\\/www.itu.int\\\/itu-d\\\/meetings\\\/rdf\\\/wp-content\\\/uploads\\\/sites\\\/31\\\/2026\\\/01\\\/RDF_EUR_26_banner.jpg\",\"datePublished\":\"2026-01-06T13:39:06+00:00\",\"dateModified\":\"2026-03-25T14:20:51+00:00\",\"description\":\"\u200bThe ITU Regional Development Forum 2026 for Europe (RDF-EUR) takes place on 24 March 2026 in Prague, Czech Republic. It is followed by the CEPT Committee for ITU Policies (Com-ITU) meeting from 25 to 27 March 2026. The forum will be held in a hybrid format.\",\"breadcrumb\":{\"@id\":\"https:\\\/\\\/www.itu.int\\\/itu-d\\\/meetings\\\/rdf\\\/home\\\/rdf-2026\\\/europe\\\/home\\\/#breadcrumb\"},\"inLanguage\":\"en-US\",\"potentialAction\":[{\"@type\":\"ReadAction\",\"target\":[\"https:\\\/\\\/www.itu.int\\\/itu-d\\\/meetings\\\/rdf\\\/home\\\/rdf-2026\\\/europe\\\/home\\\/\"]}]},{\"@type\":\"ImageObject\",\"inLanguage\":\"en-US\",\"@id\":\"https:\\\/\\\/www.itu.int\\\/itu-d\\\/meetings\\\/rdf\\\/home\\\/rdf-2026\\\/europe\\\/home\\\/#primaryimage\",\"url\":\"https:\\\/\\\/www.itu.int\\\/itu-d\\\/meetings\\\/rdf\\\/wp-content\\\/uploads\\\/sites\\\/31\\\/2026\\\/01\\\/RDF_EUR_26_banner.jpg\",\"contentUrl\":\"https:\\\/\\\/www.itu.int\\\/itu-d\\\/meetings\\\/rdf\\\/wp-content\\\/uploads\\\/sites\\\/31\\\/2026\\\/01\\\/RDF_EUR_26_banner.jpg\",\"width\":2111,\"height\":1187},{\"@type\":\"BreadcrumbList\",\"@id\":\"https:\\\/\\\/www.itu.int\\\/itu-d\\\/meetings\\\/rdf\\\/home\\\/rdf-2026\\\/europe\\\/home\\\/#breadcrumb\",\"itemListElement\":[{\"@type\":\"ListItem\",\"position\":1,\"name\":\"Home\",\"item\":\"https:\\\/\\\/www.itu.int\\\/itu-d\\\/meetings\\\/rdf\\\/\"},{\"@type\":\"ListItem\",\"position\":2,\"name\":\"Regional Development Forums\",\"item\":\"https:\\\/\\\/www.itu.int\\\/itu-d\\\/meetings\\\/rdf\\\/\"},{\"@type\":\"ListItem\",\"position\":3,\"name\":\"Regional Development Forums 2026\",\"item\":\"https:\\\/\\\/www.itu.int\\\/itu-d\\\/meetings\\\/rdf\\\/home\\\/rdf-2026\\\/\"},{\"@type\":\"ListItem\",\"position\":4,\"name\":\"RDF Europe 2026\",\"item\":\"https:\\\/\\\/www.itu.int\\\/itu-d\\\/meetings\\\/rdf\\\/home\\\/rdf-2026\\\/europe\\\/\"},{\"@type\":\"ListItem\",\"position\":5,\"name\":\"Home\"}]},{\"@type\":\"WebSite\",\"@id\":\"https:\\\/\\\/www.itu.int\\\/itu-d\\\/meetings\\\/rdf\\\/#website\",\"url\":\"https:\\\/\\\/www.itu.int\\\/itu-d\\\/meetings\\\/rdf\\\/\",\"name\":\"RDFs\",\"description\":\"\",\"potentialAction\":[{\"@type\":\"SearchAction\",\"target\":{\"@type\":\"EntryPoint\",\"urlTemplate\":\"https:\\\/\\\/www.itu.int\\\/itu-d\\\/meetings\\\/rdf\\\/?s={search_term_string}\"},\"query-input\":{\"@type\":\"PropertyValueSpecification\",\"valueRequired\":true,\"valueName\":\"search_term_string\"}}],\"inLanguage\":\"en-US\"}]}<\/script>\n<!-- \/ Yoast SEO plugin. -->","yoast_head_json":{"title":"ITU Regional Development Forum for Europe (RDF-EUR) 2026","description":"\u200bThe ITU Regional Development Forum 2026 for Europe (RDF-EUR) takes place on 24 March 2026 in Prague, Czech Republic. It is followed by the CEPT Committee for ITU Policies (Com-ITU) meeting from 25 to 27 March 2026. The forum will be held in a hybrid format.","robots":{"index":"index","follow":"follow","max-snippet":"max-snippet:-1","max-image-preview":"max-image-preview:large","max-video-preview":"max-video-preview:-1"},"canonical":"https:\/\/www.itu.int\/itu-d\/meetings\/rdf\/home\/rdf-2026\/europe\/home\/","og_locale":"en_US","og_type":"article","og_title":"ITU Regional Development Forum for Europe (RDF-EUR) 2025","og_description":"\u200bThe ITU Regional Development Forum 2026 for Europe (RDF-EUR) takes place on 24 March 2026 in Prague, Czech Republic. It is followed by the CEPT Committee for ITU Policies (Com-ITU) meeting from 25 to 27 March 2026. The forum will be held in a hybrid format.","og_url":"https:\/\/www.itu.int\/itu-d\/meetings\/rdf\/home\/rdf-2026\/europe\/home\/","og_site_name":"RDFs","article_modified_time":"2026-03-25T14:20:51+00:00","og_image":[{"width":2111,"height":1187,"url":"https:\/\/www.itu.int\/itu-d\/meetings\/rdf\/wp-content\/uploads\/sites\/31\/2026\/01\/RDF_EUR_26_banner-1.jpg?ver=1768295304","type":"image\/jpeg"}],"twitter_card":"summary_large_image","twitter_title":"ITU Regional Development Forum for Europe (RDF-EUR) 2025","twitter_description":"\u200bThe ITU Regional Development Forum 2026 for Europe (RDF-EUR) takes place on 24 March 2026 in Prague, Czech Republic. It is followed by the CEPT Committee for ITU Policies (Com-ITU) meeting from 25 to 27 March 2026. The forum will be held in a hybrid format.","twitter_image":"https:\/\/www.itu.int\/itu-d\/meetings\/rdf\/wp-content\/uploads\/sites\/31\/2026\/01\/RDF_EUR_26_banner-1.jpg?ver=1768295304","twitter_misc":{"Est. reading time":"3 minutes"},"schema":{"@context":"https:\/\/schema.org","@graph":[{"@type":"WebPage","@id":"https:\/\/www.itu.int\/itu-d\/meetings\/rdf\/home\/rdf-2026\/europe\/home\/","url":"https:\/\/www.itu.int\/itu-d\/meetings\/rdf\/home\/rdf-2026\/europe\/home\/","name":"ITU Regional Development Forum for Europe (RDF-EUR) 2026","isPartOf":{"@id":"https:\/\/www.itu.int\/itu-d\/meetings\/rdf\/#website"},"primaryImageOfPage":{"@id":"https:\/\/www.itu.int\/itu-d\/meetings\/rdf\/home\/rdf-2026\/europe\/home\/#primaryimage"},"image":{"@id":"https:\/\/www.itu.int\/itu-d\/meetings\/rdf\/home\/rdf-2026\/europe\/home\/#primaryimage"},"thumbnailUrl":"https:\/\/www.itu.int\/itu-d\/meetings\/rdf\/wp-content\/uploads\/sites\/31\/2026\/01\/RDF_EUR_26_banner.jpg","datePublished":"2026-01-06T13:39:06+00:00","dateModified":"2026-03-25T14:20:51+00:00","description":"\u200bThe ITU Regional Development Forum 2026 for Europe (RDF-EUR) takes place on 24 March 2026 in Prague, Czech Republic. It is followed by the CEPT Committee for ITU Policies (Com-ITU) meeting from 25 to 27 March 2026. The forum will be held in a hybrid format.","breadcrumb":{"@id":"https:\/\/www.itu.int\/itu-d\/meetings\/rdf\/home\/rdf-2026\/europe\/home\/#breadcrumb"},"inLanguage":"en-US","potentialAction":[{"@type":"ReadAction","target":["https:\/\/www.itu.int\/itu-d\/meetings\/rdf\/home\/rdf-2026\/europe\/home\/"]}]},{"@type":"ImageObject","inLanguage":"en-US","@id":"https:\/\/www.itu.int\/itu-d\/meetings\/rdf\/home\/rdf-2026\/europe\/home\/#primaryimage","url":"https:\/\/www.itu.int\/itu-d\/meetings\/rdf\/wp-content\/uploads\/sites\/31\/2026\/01\/RDF_EUR_26_banner.jpg","contentUrl":"https:\/\/www.itu.int\/itu-d\/meetings\/rdf\/wp-content\/uploads\/sites\/31\/2026\/01\/RDF_EUR_26_banner.jpg","width":2111,"height":1187},{"@type":"BreadcrumbList","@id":"https:\/\/www.itu.int\/itu-d\/meetings\/rdf\/home\/rdf-2026\/europe\/home\/#breadcrumb","itemListElement":[{"@type":"ListItem","position":1,"name":"Home","item":"https:\/\/www.itu.int\/itu-d\/meetings\/rdf\/"},{"@type":"ListItem","position":2,"name":"Regional Development Forums","item":"https:\/\/www.itu.int\/itu-d\/meetings\/rdf\/"},{"@type":"ListItem","position":3,"name":"Regional Development Forums 2026","item":"https:\/\/www.itu.int\/itu-d\/meetings\/rdf\/home\/rdf-2026\/"},{"@type":"ListItem","position":4,"name":"RDF Europe 2026","item":"https:\/\/www.itu.int\/itu-d\/meetings\/rdf\/home\/rdf-2026\/europe\/"},{"@type":"ListItem","position":5,"name":"Home"}]},{"@type":"WebSite","@id":"https:\/\/www.itu.int\/itu-d\/meetings\/rdf\/#website","url":"https:\/\/www.itu.int\/itu-d\/meetings\/rdf\/","name":"RDFs","description":"","potentialAction":[{"@type":"SearchAction","target":{"@type":"EntryPoint","urlTemplate":"https:\/\/www.itu.int\/itu-d\/meetings\/rdf\/?s={search_term_string}"},"query-input":{"@type":"PropertyValueSpecification","valueRequired":true,"valueName":"search_term_string"}}],"inLanguage":"en-US"}]}},"_links":{"self":[{"href":"https:\/\/www.itu.int\/itu-d\/meetings\/rdf\/wp-json\/wp\/v2\/pages\/467","targetHints":{"allow":["GET"]}}],"collection":[{"href":"https:\/\/www.itu.int\/itu-d\/meetings\/rdf\/wp-json\/wp\/v2\/pages"}],"about":[{"href":"https:\/\/www.itu.int\/itu-d\/meetings\/rdf\/wp-json\/wp\/v2\/types\/page"}],"author":[{"embeddable":true,"href":"https:\/\/www.itu.int\/itu-d\/meetings\/rdf\/wp-json\/wp\/v2\/users\/3"}],"replies":[{"embeddable":true,"href":"https:\/\/www.itu.int\/itu-d\/meetings\/rdf\/wp-json\/wp\/v2\/comments?post=467"}],"version-history":[{"count":0,"href":"https:\/\/www.itu.int\/itu-d\/meetings\/rdf\/wp-json\/wp\/v2\/pages\/467\/revisions"}],"up":[{"embeddable":true,"href":"https:\/\/www.itu.int\/itu-d\/meetings\/rdf\/wp-json\/wp\/v2\/pages\/466"}],"wp:featuredmedia":[{"embeddable":true,"href":"https:\/\/www.itu.int\/itu-d\/meetings\/rdf\/wp-json\/wp\/v2\/media\/469"}],"wp:attachment":[{"href":"https:\/\/www.itu.int\/itu-d\/meetings\/rdf\/wp-json\/wp\/v2\/media?parent=467"}],"wp:term":[{"taxonomy":"folder","embeddable":true,"href":"https:\/\/www.itu.int\/itu-d\/meetings\/rdf\/wp-json\/wp\/v2\/folder?post=467"}],"curies":[{"name":"wp","href":"https:\/\/api.w.org\/{rel}","templated":true}]}}